{"id":7045,"date":"2022-01-25T12:20:07","date_gmt":"2022-01-25T12:20:07","guid":{"rendered":"https:\/\/felixhotel.net\/?page_id=7045"},"modified":"2022-04-21T09:05:42","modified_gmt":"2022-04-21T09:05:42","slug":"blog","status":"publish","type":"page","link":"https:\/\/felixhotel.net\/fr\/hotel\/blog\/","title":{"rendered":"Blog"},"content":{"rendered":"<p>[et_pb_section fb_built=\u00a0\u00bb1&Prime; admin_label=\u00a0\u00bbRooms\u00a0\u00bb _builder_version=\u00a0\u00bb4.16&Prime; custom_margin=\u00a0\u00bb|||\u00a0\u00bb custom_padding=\u00a0\u00bb|||\u00a0\u00bb locked=\u00a0\u00bboff\u00a0\u00bb global_colors_info=\u00a0\u00bb{}\u00a0\u00bb][et_pb_row column_structure=\u00a0\u00bb1_2,1_6,1_6,1_6&Prime; _builder_version=\u00a0\u00bb4.16&Prime; custom_margin=\u00a0\u00bb40px|||\u00a0\u00bb custom_padding=\u00a0\u00bb60px|||\u00a0\u00bb border_color_all=\u00a0\u00bb#f5f5f5&Prime; border_width_top=\u00a0\u00bb2px\u00a0\u00bb global_colors_info=\u00a0\u00bb{}\u00a0\u00bb][et_pb_column type=\u00a0\u00bb1_2&Prime; _builder_version=\u00a0\u00bb4.16&Prime; custom_padding=\u00a0\u00bb|||\u00a0\u00bb global_colors_info=\u00a0\u00bb{}\u00a0\u00bb custom_padding__hover=\u00a0\u00bb|||\u00a0\u00bb][et_pb_text _builder_version=\u00a0\u00bb4.17.0&Prime; text_font=\u00a0\u00bb||||||||\u00a0\u00bb text_font_size=\u00a0\u00bb16px\u00a0\u00bb text_line_height=\u00a0\u00bb2em\u00a0\u00bb link_text_color=\u00a0\u00bb#DFB758&Prime; header_font=\u00a0\u00bbRaleway|700|||||||\u00a0\u00bb header_font_size=\u00a0\u00bb50px\u00a0\u00bb header_line_height=\u00a0\u00bb1.2em\u00a0\u00bb header_2_font=\u00a0\u00bbRaleway|700|||||||\u00a0\u00bb header_2_font_size=\u00a0\u00bb50px\u00a0\u00bb header_2_line_height=\u00a0\u00bb1.2em\u00a0\u00bb header_6_font=\u00a0\u00bbRaleway|700||on|||||\u00a0\u00bb header_6_font_size=\u00a0\u00bb16px\u00a0\u00bb header_6_letter_spacing=\u00a0\u00bb5px\u00a0\u00bb header_6_line_height=\u00a0\u00bb1.8em\u00a0\u00bb max_width=\u00a0\u00bb512px\u00a0\u00bb hover_enabled=\u00a0\u00bb0&Prime; header_2_font_size_tablet=\u00a0\u00bb35px\u00a0\u00bb header_2_font_size_phone=\u00a0\u00bb25px\u00a0\u00bb header_2_font_size_last_edited=\u00a0\u00bbon|phone\u00a0\u00bb global_colors_info=\u00a0\u00bb{}\u00a0\u00bb sticky_enabled=\u00a0\u00bb0&Prime;]<\/p>\n<h6>D\u00e9couvrez notre<\/h6>\n<h1>Derni\u00e8res nouvelles<\/h1>\n<p>Vous trouverez ici les derni\u00e8res nouvelles de l&rsquo;H\u00f4tel F\u00e8lix, diff\u00e9rentes recettes \u00e9labor\u00e9es par le Restaurant F\u00e8lix, des itin\u00e9raires, des activit\u00e9s \u0153notouristiques ou des lieux d&rsquo;int\u00e9r\u00eat \u00e0 visiter dans les environs de Valls et bien plus encore.<\/p>\n<p>[\/et_pb_text][\/et_pb_column][et_pb_column type=\u00a0\u00bb1_6&Prime; _builder_version=\u00a0\u00bb4.16&Prime; custom_padding=\u00a0\u00bb|||\u00a0\u00bb global_colors_info=\u00a0\u00bb{}\u00a0\u00bb custom_padding__hover=\u00a0\u00bb|||\u00a0\u00bb][\/et_pb_column][et_pb_column type=\u00a0\u00bb1_6&Prime; _builder_version=\u00a0\u00bb4.16&Prime; custom_padding=\u00a0\u00bb|||\u00a0\u00bb global_colors_info=\u00a0\u00bb{}\u00a0\u00bb custom_padding__hover=\u00a0\u00bb|||\u00a0\u00bb][\/et_pb_column][et_pb_column type=\u00a0\u00bb1_6&Prime; _builder_version=\u00a0\u00bb4.16&Prime; custom_padding=\u00a0\u00bb|||\u00a0\u00bb global_colors_info=\u00a0\u00bb{}\u00a0\u00bb custom_padding__hover=\u00a0\u00bb|||\u00a0\u00bb][\/et_pb_column][\/et_pb_row][\/et_pb_section][et_pb_section fb_built=\u00a0\u00bb1&Prime; _builder_version=\u00a0\u00bb4.16&Prime; _module_preset=\u00a0\u00bbdefault\u00a0\u00bb global_colors_info=\u00a0\u00bb{}\u00a0\u00bb][et_pb_row _builder_version=\u00a0\u00bb4.16&Prime; _module_preset=\u00a0\u00bbdefault\u00a0\u00bb global_colors_info=\u00a0\u00bb{}\u00a0\u00bb][et_pb_column type=\u00a0\u00bb4_4&Prime; _builder_version=\u00a0\u00bb4.16&Prime; _module_preset=\u00a0\u00bbdefault\u00a0\u00bb global_colors_info=\u00a0\u00bb{}\u00a0\u00bb][et_pb_blog fullwidth=\u00a0\u00bboff\u00a0\u00bb _builder_version=\u00a0\u00bb4.16&Prime; _module_preset=\u00a0\u00bbdefault\u00a0\u00bb global_colors_info=\u00a0\u00bb{}\u00a0\u00bb][\/et_pb_blog][\/et_pb_column][\/et_pb_row][\/et_pb_section][et_pb_section fb_built=\u00a0\u00bb1&Prime; _builder_version=\u00a0\u00bb4.16&Prime; _module_preset=\u00a0\u00bbdefault\u00a0\u00bb background_color=\u00a0\u00bb#282828&Prime; custom_padding=\u00a0\u00bb0px|0px|0px|0px|false|false\u00a0\u00bb saved_tabs=\u00a0\u00bball\u00a0\u00bb global_colors_info=\u00a0\u00bb{}\u00a0\u00bb][et_pb_row use_custom_gutter=\u00a0\u00bbon\u00a0\u00bb _builder_version=\u00a0\u00bb4.16&Prime; _module_preset=\u00a0\u00bbdefault\u00a0\u00bb width=\u00a0\u00bb100%\u00a0\u00bb max_width=\u00a0\u00bb100%\u00a0\u00bb custom_margin=\u00a0\u00bb0px||||false|false\u00a0\u00bb custom_padding=\u00a0\u00bb0px||||false|false\u00a0\u00bb global_colors_info=\u00a0\u00bb{}\u00a0\u00bb][et_pb_column type=\u00a0\u00bb4_4&Prime; _builder_version=\u00a0\u00bb4.16&Prime; _module_preset=\u00a0\u00bbdefault\u00a0\u00bb global_colors_info=\u00a0\u00bb{}\u00a0\u00bb][et_pb_map address=\u00a0\u00bbEspa\u00f1a\u00a0\u00bb zoom_level=\u00a0\u00bb15&Prime; address_lat=\u00a0\u00bb41.268573218603&Prime; address_lng=\u00a0\u00bb1.2459009657014&Prime; mouse_wheel=\u00a0\u00bboff\u00a0\u00bb mobile_dragging=\u00a0\u00bboff\u00a0\u00bb use_grayscale_filter=\u00a0\u00bbon\u00a0\u00bb _builder_version=\u00a0\u00bb4.16&Prime; _module_preset=\u00a0\u00bbdefault\u00a0\u00bb custom_margin=\u00a0\u00bb0px||||false|false\u00a0\u00bb custom_padding=\u00a0\u00bb0px||||false|false\u00a0\u00bb filter_hue_rotate=\u00a0\u00bb75deg\u00a0\u00bb filter_saturate=\u00a0\u00bb11%\u00a0\u00bb filter_brightness=\u00a0\u00bb94%\u00a0\u00bb filter_contrast=\u00a0\u00bb78%\u00a0\u00bb filter_sepia=\u00a0\u00bb10%\u00a0\u00bb global_colors_info=\u00a0\u00bb{}\u00a0\u00bb][et_pb_map_pin title=\u00a0\u00bbValls\u00a0\u00bb pin_address=\u00a0\u00bbN-240, 17, 43800 Valls, Tarragona\u00a0\u00bb zoom_level=\u00a0\u00bb16&Prime; pin_address_lat=\u00a0\u00bb41.267033501375&Prime; pin_address_lng=\u00a0\u00bb1.2483429908752&Prime; _builder_version=\u00a0\u00bb4.7.4&Prime; _module_preset=\u00a0\u00bbdefault\u00a0\u00bb global_colors_info=\u00a0\u00bb{}\u00a0\u00bb][\/et_pb_map_pin][\/et_pb_map][\/et_pb_column][\/et_pb_row][et_pb_row _builder_version=\u00a0\u00bb4.16&Prime; _module_preset=\u00a0\u00bbdefault\u00a0\u00bb custom_padding=\u00a0\u00bb0px||0px||false|false\u00a0\u00bb global_colors_info=\u00a0\u00bb{}\u00a0\u00bb][et_pb_column type=\u00a0\u00bb4_4&Prime; _builder_version=\u00a0\u00bb4.16&Prime; _module_preset=\u00a0\u00bbdefault\u00a0\u00bb global_colors_info=\u00a0\u00bb{}\u00a0\u00bb][et_pb_text _builder_version=\u00a0\u00bb4.16&Prime; _module_preset=\u00a0\u00bbdefault\u00a0\u00bb text_font=\u00a0\u00bbPoppins|200|||||||\u00a0\u00bb text_text_color=\u00a0\u00bb#ffffff\u00a0\u00bb header_3_font=\u00a0\u00bbPoppins||||||||\u00a0\u00bb header_3_text_color=\u00a0\u00bb#ffffff\u00a0\u00bb custom_margin=\u00a0\u00bb0px|0px|0px|0px|false|false\u00a0\u00bb custom_padding=\u00a0\u00bb0px|0px|0px|0px|false|false\u00a0\u00bb global_colors_info=\u00a0\u00bb{}\u00a0\u00bb]<\/p>\n<h3 style=\"text-align: center;\">Proyecto Leader<\/h3>\n<p style=\"text-align: center;\">MEJORA DE LAS HABITACIONES VINCULADAS A LAS EXPERIENCIAS TUR\u00cdSTICAS Y AGROALIMENTARIAS<\/p>\n<p style=\"text-align: center;\">Operaci\u00f3n: Implementaci\u00f3n de Estrategias de Desarrollo Local<\/p>\n<p>[\/et_pb_text][\/et_pb_column][\/et_pb_row][et_pb_row column_structure=\u00a0\u00bb1_3,1_3,1_3&Prime; _builder_version=\u00a0\u00bb4.16&Prime; _module_preset=\u00a0\u00bbdefault\u00a0\u00bb custom_padding=\u00a0\u00bb0px||0px||false|false\u00a0\u00bb global_colors_info=\u00a0\u00bb{}\u00a0\u00bb][et_pb_column type=\u00a0\u00bb1_3&Prime; _builder_version=\u00a0\u00bb4.16&Prime; _module_preset=\u00a0\u00bbdefault\u00a0\u00bb global_colors_info=\u00a0\u00bb{}\u00a0\u00bb][\/et_pb_column][et_pb_column type=\u00a0\u00bb1_3&Prime; _builder_version=\u00a0\u00bb4.16&Prime; _module_preset=\u00a0\u00bbdefault\u00a0\u00bb global_colors_info=\u00a0\u00bb{}\u00a0\u00bb][et_pb_image src=\u00a0\u00bbhttps:\/\/felixhotel.net\/wp-content\/uploads\/2020\/12\/logo-leader-transparent-blanco.png\u00a0\u00bb title_text=\u00a0\u00bblogo-leader-transparent-blanco\u00a0\u00bb align=\u00a0\u00bbcenter\u00a0\u00bb _builder_version=\u00a0\u00bb4.16&Prime; _module_preset=\u00a0\u00bbdefault\u00a0\u00bb global_colors_info=\u00a0\u00bb{}\u00a0\u00bb][\/et_pb_image][\/et_pb_column][et_pb_column type=\u00a0\u00bb1_3&Prime; _builder_version=\u00a0\u00bb4.16&Prime; _module_preset=\u00a0\u00bbdefault\u00a0\u00bb global_colors_info=\u00a0\u00bb{}\u00a0\u00bb][\/et_pb_column][\/et_pb_row][et_pb_row _builder_version=\u00a0\u00bb4.16&Prime; _module_preset=\u00a0\u00bbdefault\u00a0\u00bb custom_padding=\u00a0\u00bb0px||0px||false|false\u00a0\u00bb global_colors_info=\u00a0\u00bb{}\u00a0\u00bb][et_pb_column type=\u00a0\u00bb4_4&Prime; _builder_version=\u00a0\u00bb4.16&Prime; _module_preset=\u00a0\u00bbdefault\u00a0\u00bb global_colors_info=\u00a0\u00bb{}\u00a0\u00bb][et_pb_text _builder_version=\u00a0\u00bb4.16&Prime; _module_preset=\u00a0\u00bbdefault\u00a0\u00bb text_font=\u00a0\u00bbPoppins|300|||||||\u00a0\u00bb text_text_color=\u00a0\u00bb#ffffff\u00a0\u00bb custom_padding=\u00a0\u00bb0px||0px||false|false\u00a0\u00bb global_colors_info=\u00a0\u00bb{}\u00a0\u00bb]<\/p>\n<p style=\"text-align: center;\">\u00a0Actuaci\u00f3n del Programa de Desarrollo Rural de Catalunya, 2014-2020, cofinanciado por:<\/p>\n<p style=\"text-align: center;\">\u00a0<\/p>\n<p>[\/et_pb_text][\/et_pb_column][\/et_pb_row][et_pb_row column_structure=\u00a0\u00bb1_4,1_4,1_4,1_4&Prime; _builder_version=\u00a0\u00bb4.16&Prime; _module_preset=\u00a0\u00bbdefault\u00a0\u00bb custom_padding=\u00a0\u00bb0px||0px||false|false\u00a0\u00bb global_colors_info=\u00a0\u00bb{}\u00a0\u00bb][et_pb_column type=\u00a0\u00bb1_4&Prime; _builder_version=\u00a0\u00bb4.16&Prime; _module_preset=\u00a0\u00bbdefault\u00a0\u00bb global_colors_info=\u00a0\u00bb{}\u00a0\u00bb][\/et_pb_column][et_pb_column type=\u00a0\u00bb1_4&Prime; _builder_version=\u00a0\u00bb4.16&Prime; _module_preset=\u00a0\u00bbdefault\u00a0\u00bb global_colors_info=\u00a0\u00bb{}\u00a0\u00bb][et_pb_image src=\u00a0\u00bbhttps:\/\/felixhotel.net\/wp-content\/uploads\/2020\/12\/fonsEuropeuAgricoladeDesenvolupamentRural-blan.png\u00a0\u00bb title_text=\u00a0\u00bbfonsEuropeuAgricoladeDesenvolupamentRural-blan\u00a0\u00bb align=\u00a0\u00bbcenter\u00a0\u00bb _builder_version=\u00a0\u00bb4.16&Prime; _module_preset=\u00a0\u00bbdefault\u00a0\u00bb global_colors_info=\u00a0\u00bb{}\u00a0\u00bb][\/et_pb_image][\/et_pb_column][et_pb_column type=\u00a0\u00bb1_4&Prime; _builder_version=\u00a0\u00bb4.16&Prime; _module_preset=\u00a0\u00bbdefault\u00a0\u00bb global_colors_info=\u00a0\u00bb{}\u00a0\u00bb][et_pb_image src=\u00a0\u00bbhttps:\/\/felixhotel.net\/wp-content\/uploads\/2020\/12\/generalitadecatalunya-blan.png\u00a0\u00bb title_text=\u00a0\u00bbgeneralitadecatalunya-blan\u00a0\u00bb _builder_version=\u00a0\u00bb4.16&Prime; _module_preset=\u00a0\u00bbdefault\u00a0\u00bb global_colors_info=\u00a0\u00bb{}\u00a0\u00bb][\/et_pb_image][\/et_pb_column][et_pb_column type=\u00a0\u00bb1_4&Prime; _builder_version=\u00a0\u00bb4.16&Prime; _module_preset=\u00a0\u00bbdefault\u00a0\u00bb global_colors_info=\u00a0\u00bb{}\u00a0\u00bb][\/et_pb_column][\/et_pb_row][et_pb_row column_structure=\u00a0\u00bb1_4,1_4,1_4,1_4&Prime; _builder_version=\u00a0\u00bb4.16&Prime; _module_preset=\u00a0\u00bbdefault\u00a0\u00bb custom_padding=\u00a0\u00bb||0px||false|false\u00a0\u00bb global_colors_info=\u00a0\u00bb{}\u00a0\u00bb][et_pb_column type=\u00a0\u00bb1_4&Prime; _builder_version=\u00a0\u00bb4.16&Prime; _module_preset=\u00a0\u00bbdefault\u00a0\u00bb global_colors_info=\u00a0\u00bb{}\u00a0\u00bb][\/et_pb_column][et_pb_column type=\u00a0\u00bb1_4&Prime; _builder_version=\u00a0\u00bb4.16&Prime; _module_preset=\u00a0\u00bbdefault\u00a0\u00bb global_colors_info=\u00a0\u00bb{}\u00a0\u00bb][et_pb_image src=\u00a0\u00bbhttps:\/\/felixhotel.net\/wp-content\/uploads\/2020\/11\/Tripadvisor-Logo.png\u00a0\u00bb title_text=\u00a0\u00bbTripadvisor-Logo\u00a0\u00bb align=\u00a0\u00bbcenter\u00a0\u00bb _builder_version=\u00a0\u00bb4.16&Prime; _module_preset=\u00a0\u00bbdefault\u00a0\u00bb global_colors_info=\u00a0\u00bb{}\u00a0\u00bb][\/et_pb_image][\/et_pb_column][et_pb_column type=\u00a0\u00bb1_4&Prime; _builder_version=\u00a0\u00bb4.16&Prime; _module_preset=\u00a0\u00bbdefault\u00a0\u00bb global_colors_info=\u00a0\u00bb{}\u00a0\u00bb][et_pb_image src=\u00a0\u00bbhttps:\/\/felixhotel.net\/wp-content\/uploads\/2020\/11\/bodasnet.png\u00a0\u00bb title_text=\u00a0\u00bbbodasnet\u00a0\u00bb align=\u00a0\u00bbcenter\u00a0\u00bb _builder_version=\u00a0\u00bb4.16&Prime; _module_preset=\u00a0\u00bbdefault\u00a0\u00bb global_colors_info=\u00a0\u00bb{}\u00a0\u00bb][\/et_pb_image][\/et_pb_column][et_pb_column type=\u00a0\u00bb1_4&Prime; _builder_version=\u00a0\u00bb4.16&Prime; _module_preset=\u00a0\u00bbdefault\u00a0\u00bb global_colors_info=\u00a0\u00bb{}\u00a0\u00bb][\/et_pb_column][\/et_pb_row][et_pb_row _builder_version=\u00a0\u00bb4.16&Prime; _module_preset=\u00a0\u00bbdefault\u00a0\u00bb global_colors_info=\u00a0\u00bb{}\u00a0\u00bb][et_pb_column type=\u00a0\u00bb4_4&Prime; _builder_version=\u00a0\u00bb4.16&Prime; _module_preset=\u00a0\u00bbdefault\u00a0\u00bb global_colors_info=\u00a0\u00bb{}\u00a0\u00bb][et_pb_text _builder_version=\u00a0\u00bb4.16&Prime; _module_preset=\u00a0\u00bbdefault\u00a0\u00bb text_font=\u00a0\u00bbPoppins|300|||||||\u00a0\u00bb text_text_color=\u00a0\u00bb#ffffff\u00a0\u00bb text_orientation=\u00a0\u00bbcenter\u00a0\u00bb global_colors_info=\u00a0\u00bb{}\u00a0\u00bb]<\/p>\n<p>Carretera N-240 KM.1743800 Valls, TarragonaGPS: 41\u00ba16\u201901.58\u2019\u2019 N1\u00ba14\u201952.22\u2019\u2019 E<\/p>\n<p>[\/et_pb_text][\/et_pb_column][\/et_pb_row][\/et_pb_section]<\/p>\n","protected":false},"excerpt":{"rendered":"<p>D\u00e9couvrez notre Derni\u00e8res nouvelles Vous trouverez ici les derni\u00e8res nouvelles de l&rsquo;H\u00f4tel F\u00e8lix, diff\u00e9rentes recettes \u00e9labor\u00e9es par le Restaurant F\u00e8lix, des itin\u00e9raires, des activit\u00e9s \u0153notouristiques ou des lieux d&rsquo;int\u00e9r\u00eat \u00e0 visiter dans les environs de Valls et bien plus encore.Proyecto Leader MEJORA DE LAS HABITACIONES VINCULADAS A LAS EXPERIENCIAS TUR\u00cdSTICAS Y AGROALIMENTARIAS Operaci\u00f3n: Implementaci\u00f3n de [&hellip;]<\/p>\n","protected":false},"author":8,"featured_media":0,"parent":3255,"menu_order":0,"comment_status":"closed","ping_status":"closed","template":"","meta":{"_et_pb_use_builder":"on","_et_pb_old_content":"","_et_gb_content_width":"","footnotes":""},"class_list":["post-7045","page","type-page","status-publish","hentry"],"yoast_head":"<!-- This site is optimized with the Yoast SEO plugin v25.0 - https:\/\/yoast.com\/wordpress\/plugins\/seo\/ -->\n<title>Le blog de l&#039;h\u00f4tel F\u00e9lix: Que faire \u00e0 Valls | Felix Hotel<\/title>\n<meta name=\"description\" content=\"Dans le blog de h\u00f4tel F\u00e9lix, vous trouverez des lieux \u00e0 visiter, des \u00e9v\u00e9nements et des lieux proches de Valls. Tu veux voir?\" \/>\n<meta name=\"robots\" content=\"index, follow, max-snippet:-1, max-image-preview:large, max-video-preview:-1\" \/>\n<link rel=\"canonical\" href=\"https:\/\/felixhotel.net\/fr\/hotel\/blog\/\" \/>\n<meta property=\"og:locale\" content=\"fr_FR\" \/>\n<meta property=\"og:type\" content=\"article\" \/>\n<meta property=\"og:title\" content=\"Le blog de l&#039;h\u00f4tel F\u00e9lix: Que faire \u00e0 Valls | Felix Hotel\" \/>\n<meta property=\"og:description\" content=\"Dans le blog de h\u00f4tel F\u00e9lix, vous trouverez des lieux \u00e0 visiter, des \u00e9v\u00e9nements et des lieux proches de Valls. Tu veux voir?\" \/>\n<meta property=\"og:url\" content=\"https:\/\/felixhotel.net\/fr\/hotel\/blog\/\" \/>\n<meta property=\"og:site_name\" content=\"F\u00e8lix Hotel\" \/>\n<meta property=\"article:modified_time\" content=\"2022-04-21T09:05:42+00:00\" \/>\n<meta name=\"twitter:card\" content=\"summary_large_image\" \/>\n<meta name=\"twitter:label1\" content=\"Dur\u00e9e de lecture estim\u00e9e\" \/>\n\t<meta name=\"twitter:data1\" content=\"2 minutes\" \/>\n<script type=\"application\/ld+json\" class=\"yoast-schema-graph\">{\"@context\":\"https:\/\/schema.org\",\"@graph\":[{\"@type\":\"WebPage\",\"@id\":\"https:\/\/felixhotel.net\/fr\/hotel\/blog\/\",\"url\":\"https:\/\/felixhotel.net\/fr\/hotel\/blog\/\",\"name\":\"Le blog de l'h\u00f4tel F\u00e9lix: Que faire \u00e0 Valls | Felix Hotel\",\"isPartOf\":{\"@id\":\"https:\/\/felixhotel.net\/fr\/#website\"},\"datePublished\":\"2022-01-25T12:20:07+00:00\",\"dateModified\":\"2022-04-21T09:05:42+00:00\",\"description\":\"Dans le blog de h\u00f4tel F\u00e9lix, vous trouverez des lieux \u00e0 visiter, des \u00e9v\u00e9nements et des lieux proches de Valls. Tu veux voir?\",\"breadcrumb\":{\"@id\":\"https:\/\/felixhotel.net\/fr\/hotel\/blog\/#breadcrumb\"},\"inLanguage\":\"fr-FR\",\"potentialAction\":[{\"@type\":\"ReadAction\",\"target\":[\"https:\/\/felixhotel.net\/fr\/hotel\/blog\/\"]}]},{\"@type\":\"BreadcrumbList\",\"@id\":\"https:\/\/felixhotel.net\/fr\/hotel\/blog\/#breadcrumb\",\"itemListElement\":[{\"@type\":\"ListItem\",\"position\":1,\"name\":\"H\u00f4tel\",\"item\":\"https:\/\/felixhotel.net\/fr\/\"},{\"@type\":\"ListItem\",\"position\":2,\"name\":\"Blog\"}]},{\"@type\":\"WebSite\",\"@id\":\"https:\/\/felixhotel.net\/fr\/#website\",\"url\":\"https:\/\/felixhotel.net\/fr\/\",\"name\":\"F\u00e8lix Hotel\",\"description\":\"Hotel en Valls\",\"potentialAction\":[{\"@type\":\"SearchAction\",\"target\":{\"@type\":\"EntryPoint\",\"urlTemplate\":\"https:\/\/felixhotel.net\/fr\/?s={search_term_string}\"},\"query-input\":{\"@type\":\"PropertyValueSpecification\",\"valueRequired\":true,\"valueName\":\"search_term_string\"}}],\"inLanguage\":\"fr-FR\"}]}<\/script>\n<!-- \/ Yoast SEO plugin. -->","yoast_head_json":{"title":"Le blog de l'h\u00f4tel F\u00e9lix: Que faire \u00e0 Valls | Felix Hotel","description":"Dans le blog de h\u00f4tel F\u00e9lix, vous trouverez des lieux \u00e0 visiter, des \u00e9v\u00e9nements et des lieux proches de Valls. Tu veux voir?","robots":{"index":"index","follow":"follow","max-snippet":"max-snippet:-1","max-image-preview":"max-image-preview:large","max-video-preview":"max-video-preview:-1"},"canonical":"https:\/\/felixhotel.net\/fr\/hotel\/blog\/","og_locale":"fr_FR","og_type":"article","og_title":"Le blog de l'h\u00f4tel F\u00e9lix: Que faire \u00e0 Valls | Felix Hotel","og_description":"Dans le blog de h\u00f4tel F\u00e9lix, vous trouverez des lieux \u00e0 visiter, des \u00e9v\u00e9nements et des lieux proches de Valls. Tu veux voir?","og_url":"https:\/\/felixhotel.net\/fr\/hotel\/blog\/","og_site_name":"F\u00e8lix Hotel","article_modified_time":"2022-04-21T09:05:42+00:00","twitter_card":"summary_large_image","twitter_misc":{"Dur\u00e9e de lecture estim\u00e9e":"2 minutes"},"schema":{"@context":"https:\/\/schema.org","@graph":[{"@type":"WebPage","@id":"https:\/\/felixhotel.net\/fr\/hotel\/blog\/","url":"https:\/\/felixhotel.net\/fr\/hotel\/blog\/","name":"Le blog de l'h\u00f4tel F\u00e9lix: Que faire \u00e0 Valls | Felix Hotel","isPartOf":{"@id":"https:\/\/felixhotel.net\/fr\/#website"},"datePublished":"2022-01-25T12:20:07+00:00","dateModified":"2022-04-21T09:05:42+00:00","description":"Dans le blog de h\u00f4tel F\u00e9lix, vous trouverez des lieux \u00e0 visiter, des \u00e9v\u00e9nements et des lieux proches de Valls. Tu veux voir?","breadcrumb":{"@id":"https:\/\/felixhotel.net\/fr\/hotel\/blog\/#breadcrumb"},"inLanguage":"fr-FR","potentialAction":[{"@type":"ReadAction","target":["https:\/\/felixhotel.net\/fr\/hotel\/blog\/"]}]},{"@type":"BreadcrumbList","@id":"https:\/\/felixhotel.net\/fr\/hotel\/blog\/#breadcrumb","itemListElement":[{"@type":"ListItem","position":1,"name":"H\u00f4tel","item":"https:\/\/felixhotel.net\/fr\/"},{"@type":"ListItem","position":2,"name":"Blog"}]},{"@type":"WebSite","@id":"https:\/\/felixhotel.net\/fr\/#website","url":"https:\/\/felixhotel.net\/fr\/","name":"F\u00e8lix Hotel","description":"Hotel en Valls","potentialAction":[{"@type":"SearchAction","target":{"@type":"EntryPoint","urlTemplate":"https:\/\/felixhotel.net\/fr\/?s={search_term_string}"},"query-input":{"@type":"PropertyValueSpecification","valueRequired":true,"valueName":"search_term_string"}}],"inLanguage":"fr-FR"}]}},"_links":{"self":[{"href":"https:\/\/felixhotel.net\/fr\/wp-json\/wp\/v2\/pages\/7045","targetHints":{"allow":["GET"]}}],"collection":[{"href":"https:\/\/felixhotel.net\/fr\/wp-json\/wp\/v2\/pages"}],"about":[{"href":"https:\/\/felixhotel.net\/fr\/wp-json\/wp\/v2\/types\/page"}],"author":[{"embeddable":true,"href":"https:\/\/felixhotel.net\/fr\/wp-json\/wp\/v2\/users\/8"}],"replies":[{"embeddable":true,"href":"https:\/\/felixhotel.net\/fr\/wp-json\/wp\/v2\/comments?post=7045"}],"version-history":[{"count":0,"href":"https:\/\/felixhotel.net\/fr\/wp-json\/wp\/v2\/pages\/7045\/revisions"}],"up":[{"embeddable":true,"href":"https:\/\/felixhotel.net\/fr\/wp-json\/wp\/v2\/pages\/3255"}],"wp:attachment":[{"href":"https:\/\/felixhotel.net\/fr\/wp-json\/wp\/v2\/media?parent=7045"}],"curies":[{"name":"wp","href":"https:\/\/api.w.org\/{rel}","templated":true}]}}